{"id":9047,"date":"2024-01-02T09:00:10","date_gmt":"2024-01-02T09:00:10","guid":{"rendered":"https:\/\/www.memexitaly.it\/?page_id=9047"},"modified":"2024-01-26T17:15:39","modified_gmt":"2024-01-26T17:15:39","slug":"smarta-net","status":"publish","type":"page","link":"https:\/\/www.memexitaly.it\/it\/progetti-europei\/smarta-net\/","title":{"rendered":"SMARTA-NET"},"content":{"rendered":"<div class=\"wpb-content-wrapper\">[vc_row element_id=&#8221;36941&#8243; css=&#8221;.vc_custom_1624610790906{padding-top: 24px !important;padding-bottom: 48px !important;}&#8221;][vc_column animation_delay=&#8221;0&#8243; css_animation=&#8221;fadeIn&#8221; element_id=&#8221;683972&#8243; crp=&#8221;374:0:0,375-767:0:0,768-1023:0:0,1024-1279:0:0,1280-1599:i:i,1600-1919:i:i&#8221; offset=&#8221;vc_col-lg-12 vc_col-md-12 vc_col-xs-12&#8243;]<div class=\"et-heading text-align-left highlight-true\" id=\"et-heading-862350\" ><span class=\"text-wrapper\"><span class=\"text\">PROGETTI EUROPEI<\/span><span class=\"curtain\"><\/span><\/span><\/div><span class=\"et-gap et-clearfix et-gap-174910\"><\/span><h1 class=\"et-heading text-align-left highlight-false animate-true rows mobile-text-rows-disable\" id=\"et-heading-939597\" data-delay=\"400\" data-374-f=\"32\" data-374-lh=\"36\" data-375-767-f=\"30\" data-375-767-lh=\"38\" data-768-1023-f=\"36\" data-768-1023-lh=\"46\"><span class=\"text-wrapper\"><span class=\"text\">Smarta-net<\/span><\/span><\/h1><span class=\"et-gap et-clearfix et-gap-244056 hide767\"><\/span><span class=\"et-gap et-clearfix et-gap-211961 hide768\"><\/span>[vc_column_text animation_delay=&#8221;600&#8243; css_animation=&#8221;right-to-left&#8221;]\n<p style=\"text-align: justify;\">Il progetto \u201cSMARTA-NET &#8211; Mobilit\u00e0 Rurale Sostenibile in supporto all\u2019Ecoturismo\u201d \u00e8 un&#8217;iniziativa della Commissione Europea, promossa dalla Direzione generale per la mobilit\u00e0 e i trasporti \u2013 DG MOVE \u2013 e supportata dalla Direzione generale dell&#8217;agricoltura e dello sviluppo rurale\u00a0\u2013 DG AGRI &#8211; nell&#8217;ambito della strategia europea per la mobilit\u00e0 sostenibile nelle aree rurali. Il progetto di durata biennale ed iniziato il 1\u00b0 Dicembre 2022, mira a promuovere forme di mobilit\u00e0 e trasporto sostenibile in aree rurali e ad incentivare il tema della mobilit\u00e0 condivisa sostenibile integrata al trasporto pubblico nelle aree interne e rurali, con un\u2019attenzione ai territori nei quali il turismo \u00e8 parte rilevante dell\u2019economia locale.<\/p>\n<p style=\"text-align: justify;\">MemEx, capofila del consorzio composto dall\u2019istituto di ricerca NIT &#8211; Institut fur Tourismsus und Baderforschung in Norderuopa Gmbh (GE), e dalle societ\u00e0 Panteia (NL), E40 Europe (HU) e TISPT \u2013 Consultores em Transportes Inovacao e Sistemas sa (PT), si \u00e8 aggiudicata tale progetto tramite la vittoria della gara n\u00b0 MOVE\/B3\/SER\/2021\/643 della Commissione Europea.<\/p>\n<p style=\"text-align: justify;\">SMARTA-NET mira a creare una rete transnazionale di autorit\u00e0 ed enti pubblici, sotto il nome di <em>European Rural Mobility Network (ERMN) <\/em>per promuovere lo scambio di esperienze, attivit\u00e0 di formazione, politiche e linee di indirizzo in merito alla mobilit\u00e0 sostenibile. La rete si comporr\u00e0 di pi\u00f9 di 75 autorit\u00e0 provenienti da 15 Paesi diversi, e comprender\u00e0 sia enti pubblici di diverso livello come comuni, regioni, governi, sia multipliers, associazioni del terzo settore e professionisti. La rete, gi\u00e0 operativa e funzionante, ha mostrato una continua crescita nel numero dei partecipanti e nel loro coinvolgimento nel progetto nell\u2019ultimo anno.<\/p>\n<p style=\"text-align: justify;\">Tra le varie attivit\u00e0 previste, spicca l\u2019organizzazione di 4 meeting di formazione per il 2023 e 2024. Tali eventi, rivolti ai membri della rete ERMN a agli altri stakeholders interessati, si volgeranno nei 15 paesi, in lingua locale, e saranno occasione per fornire e condividere linee guida, buone pratiche e conoscenze sulla mobilit\u00e0 e sul turismo sostenibile nelle aree rurali, e per creare momenti di confronto e discussione tra i vari partecipanti sulle attivit\u00e0 e sfide presenti sul proprio territorio e sulle possibili azioni di cooperazione e soluzione da applicare al contesto di riferimento.<\/p>\n<p style=\"text-align: justify;\">MemEx \u00e8 autore del Catalogo delle buone pratiche e delle linee guida per l\u2019implementazione di servizi di mobilit\u00e0 rurale sostenibile. Per poter consultare le pubblicazioni, i documenti e rimanere aggiornato sulle attivit\u00e0 del progetto clicca <a href=\"https:\/\/www.smarta-net.eu\/\">qui.<\/a><\/p>\n[\/vc_column_text][vc_empty_space][vc_separator][\/vc_column][\/vc_row][vc_row element_id=&#8221;36941&#8243; css=&#8221;.vc_custom_1624610790906{padding-top: 24px !important;padding-bottom: 48px !important;}&#8221;][vc_column animation_delay=&#8221;0&#8243; css_animation=&#8221;fadeIn&#8221; element_id=&#8221;683972&#8243; crp=&#8221;374:0:0,375-767:0:0,768-1023:0:0,1024-1279:0:0,1280-1599:i:i,1600-1919:i:i&#8221; offset=&#8221;vc_col-lg-12 vc_col-md-12 vc_col-xs-12&#8243;]<div class=\"et-heading text-align-left highlight-true\" id=\"et-heading-208860\" ><span class=\"text-wrapper\"><span class=\"text\">Servizi<\/span><span class=\"curtain\"><\/span><\/span><\/div><span class=\"et-gap et-clearfix et-gap-174910\"><\/span><h1 class=\"et-heading text-align-left highlight-false animate-true rows mobile-text-rows-disable\" id=\"et-heading-235698\" data-delay=\"400\" data-374-f=\"32\" data-374-lh=\"36\" data-375-767-f=\"30\" data-375-767-lh=\"38\" data-768-1023-f=\"36\" data-768-1023-lh=\"46\"><span class=\"text-wrapper\"><span class=\"text\">News<\/span><\/span><\/h1><span class=\"et-gap et-clearfix et-gap-244056 hide767\"><\/span><span class=\"et-gap et-clearfix et-gap-211961 hide768\"><\/span><div id=\"et-posts-116549\" class=\"et-shortcode-posts blog-layout blog-layout-carousel carousel\"><div class=\"loop-posts et-clearfix et-carousel navigation-only-arrows\" data-nav=\"only-arrows\" data-autoplay=\"true\" data-columns=\"3\"><div class=\"slides\"><article class=\"et-item post-9084 post type-post status-publish format-standard has-post-thumbnail hentry category-smarta-net-news tag-aree-rurali tag-ermn tag-europa tag-guidance tag-mobilita-rurale tag-mobilita-sostenibile tag-piano-di-mobilita-urbana-sostenibile tag-policy tag-pums tag-smarta-net tag-trasporto-pubblico tag-trasporto-sostenibile\" id=\"post-9084\"><div class=\"post-inner et-item-inner et-clearfix\"><div class=\"post-image overlay-hover post-media\"><a class=\"post-image-overlay\" href=\"https:\/\/www.memexitaly.it\/it\/3-meeting-della-rete-ermn-levento-dedicato-alla-pianificazione-dei-servizi-di-mobilita-nelle-aree-rurali\/\" title=\"Read more about 3\u00b0 Meeting della rete ERMN, l\u2019evento dedicato alla pianificazione dei servizi di mobilit\u00e0 nelle aree rurali\"><\/a><div class=\"image-container\"><img decoding=\"async\" class=\"lazy\" alt=\"MEMEX ITALY\" src=\"https:\/\/www.memexitaly.it\/wp-content\/themes\/textron\/images\/icons\/image_placeholder.svg\" width=\"600\" height=\"400\" data-src=\"https:\/\/www.memexitaly.it\/wp-content\/uploads\/Screenshot-70-600x400.png\"    \/><svg class=\"placeholder\" viewBox=\"0 0 20 4\"><circle cx=\"2\" cy=\"2\" r=\"2\" \/><circle cx=\"10\" cy=\"2\" r=\"2\" \/><circle cx=\"18\" cy=\"2\" r=\"2\" \/><\/svg><\/div><\/div><div class=\"post-body et-clearfix\"><div class=\"post-body-inner\"><div class=\"post-meta et-clearfix\"><div class=\"post-date\">Febbraio 7, 2024<\/div><div class=\"post-category\"><a href=\"https:\/\/www.memexitaly.it\/it\/category\/progetto-europeo-news\/smarta-net-news\/\" rel=\"category tag\">SMARTA-NET -News<\/a><\/div><\/div><h4 class=\"post-title entry-title\"><a href=\"https:\/\/www.memexitaly.it\/it\/3-meeting-della-rete-ermn-levento-dedicato-alla-pianificazione-dei-servizi-di-mobilita-nelle-aree-rurali\/\" title=\"Read more about 3\u00b0 Meeting della rete ERMN, l\u2019evento dedicato alla pianificazione dei servizi di mobilit\u00e0 nelle aree rurali\" rel=\"bookmark\">3\u00b0 Meeting della rete ERMN, l\u2019evento dedicato alla pianificazione dei servizi di mobilit\u00e0 nelle aree rurali<\/a><\/h4><a href=\"https:\/\/www.memexitaly.it\/it\/3-meeting-della-rete-ermn-levento-dedicato-alla-pianificazione-dei-servizi-di-mobilita-nelle-aree-rurali\/\" class=\"post-read-more\" title=\"Read more about 3\u00b0 Meeting della rete ERMN, l\u2019evento dedicato alla pianificazione dei servizi di mobilit\u00e0 nelle aree rurali\">Read more<svg xmlns=\"http:\/\/www.w3.org\/2000\/svg\" viewBox=\"0 0 240.823 240.823\"><path d=\"M57.633 129.007L165.93 237.268c4.752 4.74 12.451 4.74 17.215 0 4.752-4.74 4.752-12.439 0-17.179l-99.707-99.671 99.695-99.671c4.752-4.74 4.752-12.439 0-17.191-4.752-4.74-12.463-4.74-17.215 0L57.621 111.816c-4.679 4.691-4.679 12.511.012 17.191z\"\/><\/svg>\n<\/a><\/div><\/div><\/div><\/article><article class=\"et-item post-9003 post type-post status-publish format-standard has-post-thumbnail hentry category-smarta-net-news tag-aree-rurali tag-cammino-dei-protomartiri-francescani tag-comune-di-narni tag-italia tag-mobilita tag-mobilita-condivisa tag-smarta-net tag-soluzioni-di-mobilita-condivisa tag-workshop\" id=\"post-9003\"><div class=\"post-inner et-item-inner et-clearfix\"><div class=\"post-image overlay-hover post-media\"><a class=\"post-image-overlay\" href=\"https:\/\/www.memexitaly.it\/it\/smarta-net-primo-workshop-sulle-soluzioni-di-mobilita-condivisa\/\" title=\"Read more about SMARTA-NET: Primo Workshop sulle Soluzioni di Mobilit\u00e0 Condivisa\"><\/a><div class=\"image-container\"><img decoding=\"async\" class=\"lazy\" alt=\"MEMEX ITALY\" src=\"https:\/\/www.memexitaly.it\/wp-content\/themes\/textron\/images\/icons\/image_placeholder.svg\" width=\"600\" height=\"400\" data-src=\"https:\/\/www.memexitaly.it\/wp-content\/uploads\/SMARTA-NET-WORKSHOP-FLYER-ITA-e1703158329653-600x400.jpg\"    \/><svg class=\"placeholder\" viewBox=\"0 0 20 4\"><circle cx=\"2\" cy=\"2\" r=\"2\" \/><circle cx=\"10\" cy=\"2\" r=\"2\" \/><circle cx=\"18\" cy=\"2\" r=\"2\" \/><\/svg><\/div><\/div><div class=\"post-body et-clearfix\"><div class=\"post-body-inner\"><div class=\"post-meta et-clearfix\"><div class=\"post-date\">Dicembre 19, 2023<\/div><div class=\"post-category\"><a href=\"https:\/\/www.memexitaly.it\/it\/category\/progetto-europeo-news\/smarta-net-news\/\" rel=\"category tag\">SMARTA-NET -News<\/a><\/div><\/div><h4 class=\"post-title entry-title\"><a href=\"https:\/\/www.memexitaly.it\/it\/smarta-net-primo-workshop-sulle-soluzioni-di-mobilita-condivisa\/\" title=\"Read more about SMARTA-NET: Primo Workshop sulle Soluzioni di Mobilit\u00e0 Condivisa\" rel=\"bookmark\">SMARTA-NET: Primo Workshop sulle Soluzioni di Mobilit\u00e0 Condivisa<\/a><\/h4><a href=\"https:\/\/www.memexitaly.it\/it\/smarta-net-primo-workshop-sulle-soluzioni-di-mobilita-condivisa\/\" class=\"post-read-more\" title=\"Read more about SMARTA-NET: Primo Workshop sulle Soluzioni di Mobilit\u00e0 Condivisa\">Read more<svg xmlns=\"http:\/\/www.w3.org\/2000\/svg\" viewBox=\"0 0 240.823 240.823\"><path d=\"M57.633 129.007L165.93 237.268c4.752 4.74 12.451 4.74 17.215 0 4.752-4.74 4.752-12.439 0-17.179l-99.707-99.671 99.695-99.671c4.752-4.74 4.752-12.439 0-17.191-4.752-4.74-12.463-4.74-17.215 0L57.621 111.816c-4.679 4.691-4.679 12.511.012 17.191z\"\/><\/svg>\n<\/a><\/div><\/div><\/div><\/article><article class=\"et-item post-8981 post type-post status-publish format-standard has-post-thumbnail hentry category-smarta-net-news tag-2-meeting tag-dg-move tag-eco-turismo tag-ermn tag-european-rural-mobility-network tag-germania tag-mobilita-rurale tag-smarta-net tag-turismo-sostenibile\" id=\"post-8981\"><div class=\"post-inner et-item-inner et-clearfix\"><div class=\"post-image overlay-hover post-media\"><a class=\"post-image-overlay\" href=\"https:\/\/www.memexitaly.it\/it\/smarta-net-2-meeting-dell-european-rural-mobility-network\/\" title=\"Read more about SMARTA-NET, 2\u00b0 Meeting dell\u2019 European Rural Mobility Network\"><\/a><div class=\"image-container\"><img decoding=\"async\" class=\"lazy\" alt=\"MEMEX ITALY\" src=\"https:\/\/www.memexitaly.it\/wp-content\/themes\/textron\/images\/icons\/image_placeholder.svg\" width=\"600\" height=\"400\" data-src=\"https:\/\/www.memexitaly.it\/wp-content\/uploads\/DSC07902-scaled-600x400.jpg\"    \/><svg class=\"placeholder\" viewBox=\"0 0 20 4\"><circle cx=\"2\" cy=\"2\" r=\"2\" \/><circle cx=\"10\" cy=\"2\" r=\"2\" \/><circle cx=\"18\" cy=\"2\" r=\"2\" \/><\/svg><\/div><\/div><div class=\"post-body et-clearfix\"><div class=\"post-body-inner\"><div class=\"post-meta et-clearfix\"><div class=\"post-date\">Ottobre 26, 2023<\/div><div class=\"post-category\"><a href=\"https:\/\/www.memexitaly.it\/it\/category\/progetto-europeo-news\/smarta-net-news\/\" rel=\"category tag\">SMARTA-NET -News<\/a><\/div><\/div><h4 class=\"post-title entry-title\"><a href=\"https:\/\/www.memexitaly.it\/it\/smarta-net-2-meeting-dell-european-rural-mobility-network\/\" title=\"Read more about SMARTA-NET, 2\u00b0 Meeting dell\u2019 European Rural Mobility Network\" rel=\"bookmark\">SMARTA-NET, 2\u00b0 Meeting dell\u2019 European Rural Mobility Network<\/a><\/h4><a href=\"https:\/\/www.memexitaly.it\/it\/smarta-net-2-meeting-dell-european-rural-mobility-network\/\" class=\"post-read-more\" title=\"Read more about SMARTA-NET, 2\u00b0 Meeting dell\u2019 European Rural Mobility Network\">Read more<svg xmlns=\"http:\/\/www.w3.org\/2000\/svg\" viewBox=\"0 0 240.823 240.823\"><path d=\"M57.633 129.007L165.93 237.268c4.752 4.74 12.451 4.74 17.215 0 4.752-4.74 4.752-12.439 0-17.179l-99.707-99.671 99.695-99.671c4.752-4.74 4.752-12.439 0-17.191-4.752-4.74-12.463-4.74-17.215 0L57.621 111.816c-4.679 4.691-4.679 12.511.012 17.191z\"\/><\/svg>\n<\/a><\/div><\/div><\/div><\/article><article class=\"et-item post-8942 post type-post status-publish format-standard has-post-thumbnail hentry category-smarta-net-news tag-cooperazione tag-eco-turismo tag-europa tag-european-rural-mobility-network tag-good-practices tag-meeting tag-mobilita-condivisa tag-mobilita-rurale tag-smarta-net tag-workshop\" id=\"post-8942\"><div class=\"post-inner et-item-inner et-clearfix\"><div class=\"post-image overlay-hover post-media\"><a class=\"post-image-overlay\" href=\"https:\/\/www.memexitaly.it\/it\/1-meeting-dell-european-rural-mobility-network\/\" title=\"Read more about 1\u00b0 Meeting dell\u2019 European Rural Mobility Network\"><\/a><div class=\"image-container\"><img decoding=\"async\" class=\"lazy\" alt=\"MEMEX ITALY\" src=\"https:\/\/www.memexitaly.it\/wp-content\/themes\/textron\/images\/icons\/image_placeholder.svg\" width=\"600\" height=\"400\" data-src=\"https:\/\/www.memexitaly.it\/wp-content\/uploads\/Foto-1st-ERMN-Meeting-online-600x400.jpg\"    \/><svg class=\"placeholder\" viewBox=\"0 0 20 4\"><circle cx=\"2\" cy=\"2\" r=\"2\" \/><circle cx=\"10\" cy=\"2\" r=\"2\" \/><circle cx=\"18\" cy=\"2\" r=\"2\" \/><\/svg><\/div><\/div><div class=\"post-body et-clearfix\"><div class=\"post-body-inner\"><div class=\"post-meta et-clearfix\"><div class=\"post-date\">Giugno 12, 2023<\/div><div class=\"post-category\"><a href=\"https:\/\/www.memexitaly.it\/it\/category\/progetto-europeo-news\/smarta-net-news\/\" rel=\"category tag\">SMARTA-NET -News<\/a><\/div><\/div><h4 class=\"post-title entry-title\"><a href=\"https:\/\/www.memexitaly.it\/it\/1-meeting-dell-european-rural-mobility-network\/\" title=\"Read more about 1\u00b0 Meeting dell\u2019 European Rural Mobility Network\" rel=\"bookmark\">1\u00b0 Meeting dell\u2019 European Rural Mobility Network<\/a><\/h4><a href=\"https:\/\/www.memexitaly.it\/it\/1-meeting-dell-european-rural-mobility-network\/\" class=\"post-read-more\" title=\"Read more about 1\u00b0 Meeting dell\u2019 European Rural Mobility Network\">Read more<svg xmlns=\"http:\/\/www.w3.org\/2000\/svg\" viewBox=\"0 0 240.823 240.823\"><path d=\"M57.633 129.007L165.93 237.268c4.752 4.74 12.451 4.74 17.215 0 4.752-4.74 4.752-12.439 0-17.179l-99.707-99.671 99.695-99.671c4.752-4.74 4.752-12.439 0-17.191-4.752-4.74-12.463-4.74-17.215 0L57.621 111.816c-4.679 4.691-4.679 12.511.012 17.191z\"\/><\/svg>\n<\/a><\/div><\/div><\/div><\/article><article class=\"et-item post-8932 post type-post status-publish format-standard has-post-thumbnail hentry category-smarta-net-news tag-aree-rurali tag-ermn tag-lighthouse-site tag-mobilita-condivisa tag-mobilita-rurale tag-mobilita-sostenibile tag-narni tag-smarta-net\" id=\"post-8932\"><div class=\"post-inner et-item-inner et-clearfix\"><div class=\"post-image overlay-hover post-media\"><a class=\"post-image-overlay\" href=\"https:\/\/www.memexitaly.it\/it\/primo-incontro-dei-lighthouse-sites-di-smarta-net\/\" title=\"Read more about Primo Incontro dei Lighthouse Sites di SMARTA-NET\"><\/a><div class=\"image-container\"><img decoding=\"async\" class=\"lazy\" alt=\"MEMEX ITALY\" src=\"https:\/\/www.memexitaly.it\/wp-content\/themes\/textron\/images\/icons\/image_placeholder.svg\" width=\"600\" height=\"400\" data-src=\"https:\/\/www.memexitaly.it\/wp-content\/uploads\/Foto-Narni-meeting-600x400.png\"    \/><svg class=\"placeholder\" viewBox=\"0 0 20 4\"><circle cx=\"2\" cy=\"2\" r=\"2\" \/><circle cx=\"10\" cy=\"2\" r=\"2\" \/><circle cx=\"18\" cy=\"2\" r=\"2\" \/><\/svg><\/div><\/div><div class=\"post-body et-clearfix\"><div class=\"post-body-inner\"><div class=\"post-meta et-clearfix\"><div class=\"post-date\">Maggio 22, 2023<\/div><div class=\"post-category\"><a href=\"https:\/\/www.memexitaly.it\/it\/category\/progetto-europeo-news\/smarta-net-news\/\" rel=\"category tag\">SMARTA-NET -News<\/a><\/div><\/div><h4 class=\"post-title entry-title\"><a href=\"https:\/\/www.memexitaly.it\/it\/primo-incontro-dei-lighthouse-sites-di-smarta-net\/\" title=\"Read more about Primo Incontro dei Lighthouse Sites di SMARTA-NET\" rel=\"bookmark\">Primo Incontro dei Lighthouse Sites di SMARTA-NET<\/a><\/h4><a href=\"https:\/\/www.memexitaly.it\/it\/primo-incontro-dei-lighthouse-sites-di-smarta-net\/\" class=\"post-read-more\" title=\"Read more about Primo Incontro dei Lighthouse Sites di SMARTA-NET\">Read more<svg xmlns=\"http:\/\/www.w3.org\/2000\/svg\" viewBox=\"0 0 240.823 240.823\"><path d=\"M57.633 129.007L165.93 237.268c4.752 4.74 12.451 4.74 17.215 0 4.752-4.74 4.752-12.439 0-17.179l-99.707-99.671 99.695-99.671c4.752-4.74 4.752-12.439 0-17.191-4.752-4.74-12.463-4.74-17.215 0L57.621 111.816c-4.679 4.691-4.679 12.511.012 17.191z\"\/><\/svg>\n<\/a><\/div><\/div><\/div><\/article><article class=\"et-item post-8916 post type-post status-publish format-standard has-post-thumbnail hentry category-smarta-net-news tag-eco-turismo tag-european-rural-mobility-network tag-mobilita-condivisa tag-sito-web tag-smarta-net tag-social-media tag-twitter\" id=\"post-8916\"><div class=\"post-inner et-item-inner et-clearfix\"><div class=\"post-image overlay-hover post-media\"><a class=\"post-image-overlay\" href=\"https:\/\/www.memexitaly.it\/it\/il-nuovo-sito-web-del-progetto-smarta-net-e-online\/\" title=\"Read more about Il nuovo sito web del progetto SMARTA-NET \u00e8 online!\"><\/a><div class=\"image-container\"><img decoding=\"async\" class=\"lazy\" alt=\"MEMEX ITALY\" src=\"https:\/\/www.memexitaly.it\/wp-content\/themes\/textron\/images\/icons\/image_placeholder.svg\" width=\"600\" height=\"400\" data-src=\"https:\/\/www.memexitaly.it\/wp-content\/uploads\/1-1-1-600x400.png\"    \/><svg class=\"placeholder\" viewBox=\"0 0 20 4\"><circle cx=\"2\" cy=\"2\" r=\"2\" \/><circle cx=\"10\" cy=\"2\" r=\"2\" \/><circle cx=\"18\" cy=\"2\" r=\"2\" \/><\/svg><\/div><\/div><div class=\"post-body et-clearfix\"><div class=\"post-body-inner\"><div class=\"post-meta et-clearfix\"><div class=\"post-date\">Maggio 16, 2023<\/div><div class=\"post-category\"><a href=\"https:\/\/www.memexitaly.it\/it\/category\/progetto-europeo-news\/smarta-net-news\/\" rel=\"category tag\">SMARTA-NET -News<\/a><\/div><\/div><h4 class=\"post-title entry-title\"><a href=\"https:\/\/www.memexitaly.it\/it\/il-nuovo-sito-web-del-progetto-smarta-net-e-online\/\" title=\"Read more about Il nuovo sito web del progetto SMARTA-NET \u00e8 online!\" rel=\"bookmark\">Il nuovo sito web del progetto SMARTA-NET \u00e8 online!<\/a><\/h4><a href=\"https:\/\/www.memexitaly.it\/it\/il-nuovo-sito-web-del-progetto-smarta-net-e-online\/\" class=\"post-read-more\" title=\"Read more about Il nuovo sito web del progetto SMARTA-NET \u00e8 online!\">Read more<svg xmlns=\"http:\/\/www.w3.org\/2000\/svg\" viewBox=\"0 0 240.823 240.823\"><path d=\"M57.633 129.007L165.93 237.268c4.752 4.74 12.451 4.74 17.215 0 4.752-4.74 4.752-12.439 0-17.179l-99.707-99.671 99.695-99.671c4.752-4.74 4.752-12.439 0-17.191-4.752-4.74-12.463-4.74-17.215 0L57.621 111.816c-4.679 4.691-4.679 12.511.012 17.191z\"\/><\/svg>\n<\/a><\/div><\/div><\/div><\/article><article class=\"et-item post-8882 post type-post status-publish format-standard has-post-thumbnail hentry category-smarta-net-news tag-aree-rurali tag-eco-turismo tag-mobilita-condivisa tag-mobilita-rurale tag-mobilita-sostenibile tag-smarta-net\" id=\"post-8882\"><div class=\"post-inner et-item-inner et-clearfix\"><div class=\"post-image overlay-hover post-media\"><a class=\"post-image-overlay\" href=\"https:\/\/www.memexitaly.it\/it\/mobilita-rurale-arriva-smarta-net\/\" title=\"Read more about Mobilit\u00e0 rurale, arriva SMARTA NET!\"><\/a><div class=\"image-container\"><img decoding=\"async\" class=\"lazy\" alt=\"MEMEX ITALY\" src=\"https:\/\/www.memexitaly.it\/wp-content\/themes\/textron\/images\/icons\/image_placeholder.svg\" width=\"600\" height=\"400\" data-src=\"https:\/\/www.memexitaly.it\/wp-content\/uploads\/Immagine-bus-ok-600x400.png\"    \/><svg class=\"placeholder\" viewBox=\"0 0 20 4\"><circle cx=\"2\" cy=\"2\" r=\"2\" \/><circle cx=\"10\" cy=\"2\" r=\"2\" \/><circle cx=\"18\" cy=\"2\" r=\"2\" \/><\/svg><\/div><\/div><div class=\"post-body et-clearfix\"><div class=\"post-body-inner\"><div class=\"post-meta et-clearfix\"><div class=\"post-date\">Aprile 28, 2023<\/div><div class=\"post-category\"><a href=\"https:\/\/www.memexitaly.it\/it\/category\/progetto-europeo-news\/smarta-net-news\/\" rel=\"category tag\">SMARTA-NET -News<\/a><\/div><\/div><h4 class=\"post-title entry-title\"><a href=\"https:\/\/www.memexitaly.it\/it\/mobilita-rurale-arriva-smarta-net\/\" title=\"Read more about Mobilit\u00e0 rurale, arriva SMARTA NET!\" rel=\"bookmark\">Mobilit\u00e0 rurale, arriva SMARTA NET!<\/a><\/h4><a href=\"https:\/\/www.memexitaly.it\/it\/mobilita-rurale-arriva-smarta-net\/\" class=\"post-read-more\" title=\"Read more about Mobilit\u00e0 rurale, arriva SMARTA NET!\">Read more<svg xmlns=\"http:\/\/www.w3.org\/2000\/svg\" viewBox=\"0 0 240.823 240.823\"><path d=\"M57.633 129.007L165.93 237.268c4.752 4.74 12.451 4.74 17.215 0 4.752-4.74 4.752-12.439 0-17.179l-99.707-99.671 99.695-99.671c4.752-4.74 4.752-12.439 0-17.191-4.752-4.74-12.463-4.74-17.215 0L57.621 111.816c-4.679 4.691-4.679 12.511.012 17.191z\"\/><\/svg>\n<\/a><\/div><\/div><\/div><\/article><\/div><\/div><\/div><span class=\"et-gap et-clearfix et-gap-87451 hide767\"><\/span>[vc_separator][\/vc_column][\/vc_row]\n<\/div>","protected":false},"excerpt":{"rendered":"<p>[vc_row element_id=&#8221;36941&#8243; css=&#8221;.vc_custom_1624610790906{padding-top: 24px !important;padding-bottom: 48px !important;}&#8221;][vc_column animation_delay=&#8221;0&#8243; css_animation=&#8221;fadeIn&#8221; element_id=&#8221;683972&#8243; crp=&#8221;374:0:0,375-767:0:0,768-1023:0:0,1024-1279:0:0,1280-1599:i:i,1600-1919:i:i&#8221; offset=&#8221;vc_col-lg-12 vc_col-md-12 vc_col-xs-12&#8243;][vc_column_text animation_delay=&#8221;600&#8243; css_animation=&#8221;right-to-left&#8221;] Il progetto \u201cSMARTA-NET &#8211; Mobilit\u00e0 Rurale Sostenibile in supporto all\u2019Ecoturismo\u201d \u00e8 un&#8217;iniziativa della Commissione Europea, promossa dalla Direzione generale per la mobilit\u00e0 e i trasporti \u2013 DG MOVE \u2013 e supportata dalla Direzione generale dell&#8217;agricoltura e dello sviluppo rurale\u00a0\u2013 [&hellip;]<\/p>\n","protected":false},"author":19,"featured_media":0,"parent":4988,"menu_order":0,"comment_status":"closed","ping_status":"closed","template":"page-vc.php","meta":{"footnotes":""},"class_list":["post-9047","page","type-page","status-publish","hentry"],"_links":{"self":[{"href":"https:\/\/www.memexitaly.it\/it\/wp-json\/wp\/v2\/pages\/9047","targetHints":{"allow":["GET"]}}],"collection":[{"href":"https:\/\/www.memexitaly.it\/it\/wp-json\/wp\/v2\/pages"}],"about":[{"href":"https:\/\/www.memexitaly.it\/it\/wp-json\/wp\/v2\/types\/page"}],"author":[{"embeddable":true,"href":"https:\/\/www.memexitaly.it\/it\/wp-json\/wp\/v2\/users\/19"}],"replies":[{"embeddable":true,"href":"https:\/\/www.memexitaly.it\/it\/wp-json\/wp\/v2\/comments?post=9047"}],"version-history":[{"count":5,"href":"https:\/\/www.memexitaly.it\/it\/wp-json\/wp\/v2\/pages\/9047\/revisions"}],"predecessor-version":[{"id":9057,"href":"https:\/\/www.memexitaly.it\/it\/wp-json\/wp\/v2\/pages\/9047\/revisions\/9057"}],"up":[{"embeddable":true,"href":"https:\/\/www.memexitaly.it\/it\/wp-json\/wp\/v2\/pages\/4988"}],"wp:attachment":[{"href":"https:\/\/www.memexitaly.it\/it\/wp-json\/wp\/v2\/media?parent=9047"}],"curies":[{"name":"wp","href":"https:\/\/api.w.org\/{rel}","templated":true}]}}